{"id":30000,"date":"2024-01-29T12:20:43","date_gmt":"2024-01-29T11:20:43","guid":{"rendered":"http:\/\/www.lacollinadelleiris.it\/?page_id=30000"},"modified":"2024-01-30T17:22:15","modified_gmt":"2024-01-30T16:22:15","slug":"cookie-policy-francais","status":"publish","type":"page","link":"https:\/\/www.lacollinadelleiris.it\/index.php\/cookie-policy-francais\/","title":{"rendered":"Politique relative aux Cookies"},"content":{"rendered":"\n<p class=\"justify-text\">Le pr\u00e9\u00adsent do\u00adcu\u00adment in\u00adfor\u00adme les Uti\u00adli\u00adsa\u00adteurs des tech\u00adno\u00adlo\u00adgies per\u00admet\u00adtant \u00e0 cet\u00adte Ap\u00adpli\u00adca\u00adtion d\u2019atteindre les fi\u00adna\u00adli\u00adt\u00e9s d\u00e9\u00adcri\u00adtes ci-des\u00adsous. Ces tech\u00adno\u00adlo\u00adgies per\u00admet\u00adtent au Ti\u00adtu\u00adlai\u00adre d\u2019acc\u00e9der \u00e0 des in\u00adfor\u00adma\u00adtions et de les stoc\u00adker (\u00e0 l\u2019aide d\u2019un Coo\u00adkie, par exem\u00adple) ou d\u2019utiliser des res\u00adsour\u00adces (en ex\u00e9\u00adcu\u00adtant un script, par exem\u00adple) sur l\u2019appareil d\u2019un Uti\u00adli\u00adsa\u00adteur, lor\u00adsque ce\u00adlui-ci in\u00adte\u00adra\u00adgit avec cet\u00adte Ap\u00adpli\u00adca\u00adtion.<\/p>\n\n\n\n<p class=\"justify-text\">Par sou\u00adci de sim\u00adpli\u00adfi\u00adca\u00adtion, tou\u00adtes ces tech\u00adno\u00adlo\u00adgies sont d\u00e9\u00adfi\u00adnies com\u00adme \u00e9tant des \u201cTra\u00adqueurs\u201d dans le pr\u00e9\u00adsent do\u00adcu\u00adment, \u00e0 moins qu\u2019il n\u2019existe une rai\u00adson de les dif\u00adf\u00e9\u00adren\u00adcier.<\/p>\n\n\n\n<p class=\"justify-text\">Par exem\u00adple, bien que les Coo\u00adkies puis\u00adsent \u00eatre uti\u00adli\u00ads\u00e9s \u00e0 la fois sur les na\u00advi\u00adga\u00adteurs In\u00adter\u00adnet et mo\u00adbi\u00adles, il se\u00adrait ine\u00adxact de par\u00adler de Coo\u00adkies dans le con\u00adtex\u00adte des ap\u00adpli\u00adca\u00adtions mo\u00adbi\u00adles, car ce sont des Tra\u00adqueurs ba\u00ads\u00e9s sur un na\u00advi\u00adga\u00adteur. C\u2019est pour\u00adquoi, dans ce do\u00adcu\u00adment, le ter\u00adme Coo\u00adkies n\u2019est uti\u00adli\u00ads\u00e9 que lorsqu\u2019il est sp\u00e9\u00adci\u00adfi\u00adque\u00adment de\u00adsti\u00adn\u00e9 \u00e0 in\u00addi\u00adquer ce ty\u00adpe sp\u00e9\u00adci\u00adfi\u00adque de Tra\u00adqueur.<\/p>\n\n\n\n<p class=\"justify-text\">Cer\u00adtai\u00adnes des fi\u00adna\u00adli\u00adt\u00e9s, pour le\u00adsquel\u00adles les Tra\u00adqueurs sont uti\u00adli\u00ads\u00e9s, peu\u00advent, en ou\u00adtre, n\u00e9\u00adces\u00adsi\u00adter le con\u00adsen\u00adte\u00adment de l\u2019Utilisateur. Lor\u00adsque le con\u00adsen\u00adte\u00adment est don\u00adn\u00e9, il peut \u00eatre li\u00adbre\u00adment re\u00adti\u00adr\u00e9 \u00e0 tout mo\u00adment en sui\u00advant les in\u00adstruc\u00adtions four\u00adnies dans le pr\u00e9\u00adsent do\u00adcu\u00adment.<\/p>\n\n\n\n<p class=\"justify-text\">Cet\u00adte Ap\u00adpli\u00adca\u00adtion uti\u00adli\u00adse seu\u00adle\u00adment de Tra\u00adqueurs g\u00e9\u00adr\u00e9s di\u00adrec\u00adte\u00adment par le Ti\u00adtu\u00adlai\u00adre (les Tra\u00adqueurs di\u00adts \u201cde pre\u00admi\u00e8\u00adre par\u00adtie\u201d).<\/p>\n\n\n\n<p class=\"justify-text\">Les p\u00e9\u00adrio\u00addes de va\u00adli\u00addi\u00adt\u00e9 et d\u2019expiration des Coo\u00adkies de pre\u00admi\u00e8\u00adre par\u00adtie et d\u2019autres Tra\u00adqueurs si\u00admi\u00adlai\u00adres peu\u00advent va\u00adrier en fonc\u00adtion de la du\u00adr\u00e9e de vie d\u00e9\u00adfi\u00adnie par le Ti\u00adtu\u00adlai\u00adre. Cer\u00adtains d\u2019entre eux ex\u00adpi\u00adrent \u00e0 la fin de la ses\u00adsion de na\u00advi\u00adga\u00adtion de l\u2019Utilisateur.<\/p>\n\n\n\n<h4 class=\"wp-block-heading\">Activit\u00e9s strictement n\u00e9cessaires au fonctionnement de cette Application et \u00e0 la fourniture du Service<\/h4>\n\n\n\n<p class=\"justify-text\">Cet\u00adte Ap\u00adpli\u00adca\u00adtion uti\u00adli\u00adse des Coo\u00adkies di\u00adts \u201ctech\u00adni\u00adques\u201d ou d\u2019autres Tra\u00adqueurs si\u00admi\u00adlai\u00adres pour me\u00adner des ac\u00adti\u00advi\u00adt\u00e9s stric\u00adte\u00adment n\u00e9\u00adces\u00adsai\u00adres au fonc\u00adtion\u00adne\u00adment ou \u00e0 la four\u00adni\u00adtu\u00adre du Ser\u00advi\u00adce.<\/p>\n\n\n\n<h4 class=\"wp-block-heading\">Comment g\u00e9rer les pr\u00e9f\u00e9rences et donner ou retirer son consentement<\/h4>\n\n\n\n<p class=\"justify-text\">Il exi\u00adste dif\u00adf\u00e9\u00adren\u00adtes fa\u00e7ons de g\u00e9\u00adrer les pr\u00e9\u00adf\u00e9\u00adren\u00adces re\u00adla\u00adti\u00adves aux Tra\u00adqueurs et de don\u00adner ou re\u00adti\u00adrer son con\u00adsen\u00adte\u00adment, le cas \u00e9ch\u00e9ant:<\/p>\n\n\n\n<p class=\"justify-text\">Les Uti\u00adli\u00adsa\u00adteurs peu\u00advent g\u00e9\u00adrer les pr\u00e9\u00adf\u00e9\u00adren\u00adces re\u00adla\u00adti\u00adves aux Tra\u00adqueurs di\u00adrec\u00adte\u00adment dans les pa\u00adra\u00adm\u00e8\u00adtres de leur pro\u00adpre ap\u00adpa\u00adreil, par exem\u00adple en em\u00adp\u00ea\u00adchant l\u2019utilisation ou le stoc\u00adka\u00adge des Tra\u00adqueurs.<\/p>\n\n\n\n<p class=\"justify-text\">De plus, cha\u00adque fois que l\u2019utilisation de Tra\u00adqueurs re\u00adpo\u00adse sur le con\u00adsen\u00adte\u00adment, les Uti\u00adli\u00adsa\u00adteurs peu\u00advent don\u00adner ou re\u00adti\u00adrer ce con\u00adsen\u00adte\u00adment en d\u00e9\u00adfi\u00adnis\u00adsant leurs pr\u00e9\u00adf\u00e9\u00adren\u00adces dans la no\u00adti\u00adfi\u00adca\u00adtion de coo\u00adkie, ou en met\u00adtant \u00e0 jour ces pr\u00e9\u00adf\u00e9\u00adren\u00adces \u00e0 l\u2019aide du wid\u00adget ap\u00adpro\u00adpri\u00e9 pour les pr\u00e9\u00adf\u00e9\u00adren\u00adces re\u00adla\u00adti\u00adves au con\u00adsen\u00adte\u00adment, le cas \u00e9ch\u00e9ant.<\/p>\n\n\n\n<p class=\"justify-text\">Il est \u00e9ga\u00adle\u00adment pos\u00adsi\u00adble, par le biais des fonc\u00adtion\u00adna\u00adli\u00adt\u00e9s cor\u00adre\u00adspon\u00addan\u00adtes du na\u00advi\u00adga\u00adteur ou de l\u2019appareil, de sup\u00adpri\u00admer les Tra\u00adqueurs pr\u00e9\u00adc\u00e9\u00addem\u00adment stoc\u00adk\u00e9s, y com\u00adpris ceux uti\u00adli\u00ads\u00e9s pour se sou\u00adve\u00adnir des pr\u00e9\u00adf\u00e9\u00adren\u00adces ini\u00adtia\u00adles de l\u2019Utilisateur en ma\u00adti\u00e8\u00adre de con\u00adsen\u00adte\u00adment.<\/p>\n\n\n\n<p class=\"justify-text\">Les au\u00adtres Tra\u00adqueurs pr\u00e9\u00adsen\u00adts dans la m\u00e9\u00admoi\u00adre lo\u00adca\u00adle du na\u00advi\u00adga\u00adteur peu\u00advent \u00eatre ef\u00adfa\u00adc\u00e9s en sup\u00adpri\u00admant l\u2019historique de na\u00advi\u00adga\u00adtion.<\/p>\n\n\n\n<h6 class=\"wp-block-heading\">Acc\u00e8s aux param\u00e8tres pour les Traqueurs<\/h6>\n\n\n\n<p class=\"justify-text\">Les Uti\u00adli\u00adsa\u00adteurs peu\u00advent, par exem\u00adple, trou\u00adver des in\u00adfor\u00adma\u00adtions sur la fa\u00e7on de g\u00e9\u00adrer les Coo\u00adkies dans les na\u00advi\u00adga\u00adteurs les plus cou\u00adram\u00adment uti\u00adli\u00ads\u00e9s aux adres\u00adses sui\u00advan\u00adtes:<\/p>\n\n\n\n<ul class=\"wp-block-list\">\n<li><a href=\"https:\/\/support.google.com\/chrome\/answer\/95647?hl=fr&amp;p=cpn_cookies\" target=\"_blank\" rel=\"noreferrer noopener\"><strong><span style=\"text-decoration: underline;\">Goo\u00adgle Chro\u00adme<\/span><\/strong><\/a><\/li>\n\n\n\n<li><a href=\"https:\/\/support.mozilla.org\/fr\/kb\/activer-desactiver-cookies\" target=\"_blank\" rel=\"noreferrer noopener\"><strong><span style=\"text-decoration: underline;\">Mo\u00adzil\u00adla Fi\u00adre\u00adfox<\/span><\/strong><\/a><\/li>\n\n\n\n<li><a href=\"https:\/\/support.apple.com\/fr-fr\/guide\/safari\/manage-cookies-and-website-data-sfri11471\/\" target=\"_blank\" rel=\"noreferrer noopener\"><strong><span style=\"text-decoration: underline;\">Ap\u00adple Sa\u00adfa\u00adri<\/span><\/strong><\/a><\/li>\n\n\n\n<li><a href=\"http:\/\/windows.microsoft.com\/fr-fr\/windows-vista\/block-or-allow-cookies\" target=\"_blank\" rel=\"noreferrer noopener\"><strong><span style=\"text-decoration: underline;\">Mi\u00adcro\u00adsoft In\u00adter\u00adnet Ex\u00adplo\u00adrer<\/span><\/strong><\/a><\/li>\n\n\n\n<li><a href=\"https:\/\/support.microsoft.com\/fr-fr\/help\/4027947\" target=\"_blank\" rel=\"noreferrer noopener\"><strong><span style=\"text-decoration: underline;\">Mi\u00adcro\u00adsoft Ed\u00adge<\/span><\/strong><\/a><\/li>\n\n\n\n<li><a href=\"https:\/\/support.brave.com\/hc\/articles\/360022806212-How-do-I-use-Shields-while-browsing\" target=\"_blank\" rel=\"noreferrer noopener\"><strong><span style=\"text-decoration: underline;\">Bra\u00adve<\/span><\/strong><\/a><\/li>\n\n\n\n<li><a href=\"https:\/\/help.opera.com\/latest\/web-preferences\/#cookies\" target=\"_blank\" rel=\"noreferrer noopener\"><strong><span style=\"text-decoration: underline;\">Ope\u00adra<\/span><\/strong><\/a><\/li>\n<\/ul>\n\n\n\n<p class=\"justify-text\">Les Uti\u00adli\u00adsa\u00adteurs peu\u00advent \u00e9ga\u00adle\u00adment g\u00e9\u00adrer cer\u00adtai\u00adnes Tra\u00adqueurs pour les ap\u00adpli\u00adca\u00adtions mo\u00adbi\u00adles en d\u00e9\u00adsac\u00adti\u00advant les pa\u00adra\u00adm\u00e8\u00adtres ap\u00adpro\u00adpri\u00e9s de l\u2019appareil, tels que les pa\u00adra\u00adm\u00e8\u00adtres pu\u00adbli\u00adci\u00adtai\u00adres pour les ap\u00adpa\u00adreils mo\u00adbi\u00adles ou les pa\u00adra\u00adm\u00e8\u00adtres de sui\u00advi en g\u00e9\u00adn\u00e9\u00adral (les Uti\u00adli\u00adsa\u00adteurs peu\u00advent ou\u00advrir les pa\u00adra\u00adm\u00e8\u00adtres de l\u2019appareil et re\u00adcher\u00adcher le pa\u00adra\u00adm\u00e8\u00adtre ap\u00adpro\u00adpri\u00e9).<\/p>\n\n\n\n<h6 class=\"wp-block-heading\">Cons\u00e9quences du refus de l\u2019utilisation des Traqueurs<\/h6>\n\n\n\n<p class=\"justify-text\">L\u2019U\u00adti\u00adli\u00adsa\u00adteur est li\u00adbre de d\u00e9\u00adci\u00adder d\u2019au\u00adto\u00adri\u00adser ou non l\u2019u\u00adti\u00adli\u00adsa\u00adtion de Tra\u00adqueurs. Tou\u00adte\u00adfois, il con\u00advient de no\u00adter, que les Tra\u00adqueurs per\u00admet\u00adtent \u00e0 cet\u00adte Ap\u00adpli\u00adca\u00adtion de four\u00adnir aux Uti\u00adli\u00adsa\u00adteurs une meil\u00adleu\u00adre ex\u00adp\u00e9\u00adrien\u00adce et des fonc\u00adtion\u00adna\u00adli\u00adt\u00e9s avan\u00adc\u00e9es (con\u00adfor\u00adm\u00e9\u00adment aux fi\u00adna\u00adli\u00adt\u00e9s d\u00e9\u00adcri\u00adtes dans le pr\u00e9\u00adsent do\u00adcu\u00adment). Par con\u00ads\u00e9\u00adquent, si l\u2019Utilisateur d\u00e9\u00adci\u00adde de blo\u00adquer l\u2019u\u00adti\u00adli\u00adsa\u00adtion des Tra\u00adqueurs, il est pos\u00adsi\u00adble que le Ti\u00adtu\u00adlai\u00adre ne soit pas en me\u00adsu\u00adre de four\u00adnir les fonc\u00adtion\u00adna\u00adli\u00adt\u00e9s con\u00adne\u00adxes.<\/p>\n\n\n\n<h4 class=\"wp-block-heading\">Titulaire du Traitement des Donn\u00e9es<\/h4>\n\n\n\n<p>La Col\u00adli\u00adna del\u00adle Iris di Ele\u00adna Pe\u00adrel\u00adli<br>Re\u00adgio\u00adne Sab\u00adbio\u00adne, 1<br>14027 Mo\u00adran\u00adsen\u00adgo-To\u00adnen\u00adgo (AT) \u2014 Ita\u00adlie<\/p>\n\n\n\n<p class=\"justify-text\"><strong>Cour\u00adriel de con\u00adtact du Ti\u00adtu\u00adlai\u00adre:<\/strong>&nbsp;lacollinadelleiris@gmail.com<\/p>\n\n\n\n<p class=\"justify-text\">Comp\u00adte te\u00adnu de la com\u00adple\u00adxi\u00adt\u00e9 ob\u00adjec\u00adti\u00adve des tech\u00adno\u00adlo\u00adgies de sui\u00advi, les Uti\u00adli\u00adsa\u00adteurs sont in\u00advi\u00adt\u00e9s \u00e0 con\u00adtac\u00adter le Ti\u00adtu\u00adlai\u00adre, s\u2019ils sou\u00adhai\u00adtent re\u00adce\u00advoir de plus am\u00adples in\u00adfor\u00adma\u00adtions sur l\u2019utilisation de ces tech\u00adno\u00adlo\u00adgies par cet\u00adte Ap\u00adpli\u00adca\u00adtion.<\/p>\n\n\n\n<h4 class=\"wp-block-heading\">D\u00e9finitions et r\u00e9f\u00e9rences l\u00e9gales<\/h4>\n\n\n\n<h6 class=\"wp-block-heading\">Donn\u00e9es Personnelles (ou Donn\u00e9es)<\/h6>\n\n\n\n<p class=\"justify-text\">Tou\u00adte in\u00adfor\u00adma\u00adtion qui, di\u00adrec\u00adte\u00adment ou in\u00addi\u00adrec\u00adte\u00adment, m\u00ea\u00adme en re\u00adla\u00adtion avec d\u2019au\u00adtres in\u00adfor\u00adma\u00adtions \u2013 y com\u00adpris un nu\u00adm\u00e9\u00adro d\u2019i\u00adden\u00adti\u00adfi\u00adca\u00adtion per\u00adson\u00adnel \u2013 per\u00admet l\u2019i\u00adden\u00adti\u00adfi\u00adca\u00adtion ou l\u2019i\u00adden\u00adti\u00adfia\u00adbi\u00adli\u00adt\u00e9 d\u2019u\u00adne per\u00adson\u00adne phy\u00adsi\u00adque.<\/p>\n\n\n\n<h6 class=\"wp-block-heading\">Donn\u00e9es d\u2019Utilisation<\/h6>\n\n\n\n<p class=\"justify-text\">Les in\u00adfor\u00adma\u00adtions col\u00adlec\u00adt\u00e9es au\u00adto\u00adma\u00adti\u00adque\u00adment au moyen de cet\u00adte Ap\u00adpli\u00adca\u00adtion (et aus\u00adsi par des ap\u00adpli\u00adca\u00adtions de tiers em\u00adploy\u00e9s par cet\u00adte Ap\u00adpli\u00adca\u00adtion), qui peu\u00advent in\u00adclu\u00adre les adres\u00adses IP ou les noms de do\u00admai\u00adnes des or\u00addi\u00adna\u00adteurs uti\u00adli\u00ads\u00e9s par les Uti\u00adli\u00adsa\u00adteurs, qui uti\u00adli\u00adsent cet\u00adte Ap\u00adpli\u00adca\u00adtion, les adres\u00adses URI (Uni\u00adform Re\u00adsour\u00adce Iden\u00adti\u00adfier), l\u2019heure de la de\u00adman\u00adde, la m\u00e9\u00adtho\u00adde uti\u00adli\u00ads\u00e9e pour sou\u00admet\u00adtre la de\u00adman\u00adde au ser\u00adveur, la tail\u00adle du fi\u00adchier re\u00e7u en r\u00e9\u00adpon\u00adse, le co\u00adde nu\u00adm\u00e9\u00adri\u00adque in\u00addi\u00adquant le sta\u00adtut de la r\u00e9\u00adpon\u00adse du ser\u00adveur (r\u00e9\u00adsul\u00adtat fa\u00advo\u00adra\u00adble, er\u00adreur, etc.), le pays d\u2019origine, les ca\u00adrac\u00adt\u00e9\u00adri\u00adsti\u00adques du na\u00advi\u00adga\u00adteur et du sy\u00adst\u00e8\u00adme d\u2019exploitation uti\u00adli\u00ads\u00e9s par l\u2019Utilisateur, les dif\u00adf\u00e9\u00adren\u00adts d\u00e9\u00adtails re\u00adla\u00adtifs au temps par vi\u00adsi\u00adte (p. ex. temps pas\u00ads\u00e9 sur cha\u00adque pa\u00adge) et les d\u00e9\u00adtails re\u00adla\u00adtifs au che\u00admin sui\u00advi dans l\u2019Application avec une r\u00e9\u00adf\u00e9\u00adren\u00adce sp\u00e9\u00adcia\u00adle \u00e0 la s\u00e9\u00adquen\u00adce des pa\u00adges vi\u00adsi\u00adt\u00e9es, aux pa\u00adra\u00adm\u00e8\u00adtres con\u00adcer\u00adnant le sy\u00adst\u00e8\u00adme d\u2019exploitation ou l\u2019environnement in\u00adfor\u00adma\u00adti\u00adque de l\u2019Utilisateur.<\/p>\n\n\n\n<h6 class=\"wp-block-heading\">Utilisateur<\/h6>\n\n\n\n<p class=\"justify-text\">La per\u00adson\u00adne uti\u00adli\u00adsant cet\u00adte Ap\u00adpli\u00adca\u00adtion, qui, sauf in\u00addi\u00adca\u00adtion con\u00adtrai\u00adre, cor\u00adre\u00adspond \u00e0 la Per\u00adson\u00adne Con\u00adcer\u00adn\u00e9e.<\/p>\n\n\n\n<h6 class=\"wp-block-heading\">Personne Concern\u00e9e<\/h6>\n\n\n\n<p>La per\u00adson\u00adne phy\u00adsi\u00adque \u00e0 la\u00adquel\u00adle les Don\u00adn\u00e9es Per\u00adson\u00adnel\u00adles font r\u00e9\u00adf\u00e9\u00adren\u00adce.<\/p>\n\n\n\n<h6 class=\"wp-block-heading\">Sous-Traitant<\/h6>\n\n\n\n<p class=\"justify-text\">La per\u00adson\u00adne phy\u00adsi\u00adque ou mo\u00adra\u00adle, l\u2019au\u00adto\u00adri\u00adt\u00e9 pu\u00adbli\u00adque, et tout au\u00adtre or\u00adga\u00adni\u00adsme qui trai\u00adte les Don\u00adn\u00e9es Per\u00adson\u00adnel\u00adles pour le comp\u00adte du Ti\u00adtu\u00adlai\u00adre, tel que d\u00e9\u00adcrit dans la <a href=\"https:\/\/www.lacollinadelleiris.it\/index.php\/privacy-policy-francais\/\"><strong><span style=\"text-decoration: underline;\">Po\u00adli\u00adti\u00adque de Con\u00adfi\u00adden\u00adtia\u00adli\u00adt\u00e9<\/span><\/strong><\/a>.<\/p>\n\n\n\n<h6 class=\"wp-block-heading\">Titulaire Du Traitement (ou Titulaire)<\/h6>\n\n\n\n<p class=\"justify-text\">La per\u00adson\u00adne phy\u00adsi\u00adque ou mo\u00adra\u00adle, l\u2019autorit\u00e9 pu\u00adbli\u00adque, l\u2019in\u00adsti\u00adtu\u00adtion ou tou\u00adte au\u00adtre or\u00adga\u00adni\u00adsme qui, seul ou co\u00adn\u00adjoin\u00adte\u00adment avec d\u2019autres, d\u00e9\u00adter\u00admi\u00adne les fi\u00adna\u00adli\u00adt\u00e9s et les moyens du trai\u00adte\u00adment de Don\u00adn\u00e9es Per\u00adson\u00adnel\u00adles et les in\u00adstru\u00admen\u00adts em\u00adploy\u00e9s, y com\u00adpris les me\u00adsu\u00adres de s\u00e9\u00adcu\u00adri\u00adt\u00e9 con\u00adcer\u00adnant le fonc\u00adtion\u00adne\u00adment et l\u2019u\u00adti\u00adli\u00adsa\u00adtion de cet\u00adte Ap\u00adpli\u00adca\u00adtion. Sauf men\u00adtion con\u00adtrai\u00adre, le Ti\u00adtu\u00adlai\u00adre du Trai\u00adte\u00adment est le ti\u00adtu\u00adlai\u00adre de cet\u00adte Ap\u00adpli\u00adca\u00adtion.<\/p>\n\n\n\n<h6 class=\"wp-block-heading\">Cette Application<\/h6>\n\n\n\n<p class=\"justify-text\">Les moyens ma\u00adt\u00e9\u00adriels ou lo\u00adci\u00adciels, par le\u00adsquels les Don\u00adn\u00e9es Per\u00adson\u00adnel\u00adles de l\u2019U\u00adti\u00adli\u00adsa\u00adteur sont col\u00adlec\u00adt\u00e9es et trai\u00adt\u00e9es.<\/p>\n\n\n\n<h6 class=\"wp-block-heading\">Service<\/h6>\n\n\n\n<p class=\"justify-text\">Le Ser\u00advi\u00adce four\u00adni par cet\u00adte Ap\u00adpli\u00adca\u00adtion com\u00adme d\u00e9\u00adcrit dans les con\u00addi\u00adtions s\u2019y rap\u00adpor\u00adtant (le cas \u00e9ch\u00e9ant) et sur ce site\/cette ap\u00adpli\u00adca\u00adtion.<\/p>\n\n\n\n<h6 class=\"wp-block-heading\">Union Europ\u00e9enne (ou UE)<\/h6>\n\n\n\n<p class=\"justify-text\">Sauf in\u00addi\u00adca\u00adtion con\u00adtrai\u00adre, tou\u00adtes les r\u00e9\u00adf\u00e9\u00adren\u00adces fai\u00adtes dans le pr\u00e9\u00adsent do\u00adcu\u00adment \u00e0 l\u2019U\u00adnion Eu\u00adro\u00adp\u00e9en\u00adne in\u00adcluent tous les \u00c9ta\u00adts mem\u00adbres ac\u00adtuels de l\u2019U\u00adnion eu\u00adro\u00adp\u00e9en\u00adne et de l\u2019E\u00adspa\u00adce \u00c9co\u00adno\u00admi\u00adque Eu\u00adro\u00adp\u00e9en.<\/p>\n\n\n\n<h6 class=\"wp-block-heading\">Cookie<\/h6>\n\n\n\n<p class=\"justify-text\">Les Coo\u00adkies sont des Tra\u00adqueurs con\u00adsti\u00adtu\u00e9s de pe\u00adti\u00adts en\u00adsem\u00adbles de don\u00adn\u00e9es stoc\u00adk\u00e9s dans le na\u00advi\u00adga\u00adteur de l\u2019Utilisateur.<\/p>\n\n\n\n<h6 class=\"wp-block-heading\">Traqueur<\/h6>\n\n\n\n<p class=\"justify-text\">Un Tra\u00adqueur in\u00addi\u00adque tou\u00adte tech\u00adno\u00adlo\u00adgie \u2013 par exem\u00adple, les Coo\u00adkies, les iden\u00adti\u00adfian\u00adts uni\u00adques, les ba\u00adli\u00adses Web, les scrip\u00adts in\u00adt\u00e9\u00adgr\u00e9s, les ba\u00adli\u00adses \u00e9lec\u00adtro\u00adni\u00adques et les em\u00adprein\u00adtes di\u00adgi\u00adta\u00adles \u2013 per\u00admet\u00adtant de sui\u00advre les Uti\u00adli\u00adsa\u00adteurs, par exem\u00adple en ac\u00adc\u00e9\u00addant \u00e0 des in\u00adfor\u00adma\u00adtions ou en les stoc\u00adkant sur l\u2019appareil de l\u2019Utilisateur.<\/p>\n\n\n\n<hr class=\"wp-block-separator aligncenter has-text-color has-ast-global-color-0-color has-alpha-channel-opacity has-ast-global-color-0-background-color has-background is-style-wide\">\n\n\n\n<h4 class=\"wp-block-heading\">Informations l\u00e9gales<\/h4>\n\n\n\n<p class=\"justify-text\">Sauf in\u00addi\u00adca\u00adtion con\u00adtrai\u00adre, cet\u00adte po\u00adli\u00adti\u00adque re\u00adla\u00adti\u00adve aux coo\u00adkies con\u00adcer\u00adne uni\u00adque\u00adment cet\u00adte Ap\u00adpli\u00adca\u00adtion.<\/p>\n\n\n\n<p class=\"justify-text\">Der\u00adni\u00e8\u00adre mi\u00adse \u00e0 jour: 19 jan\u00advier 2024<\/p>\n","protected":false},"excerpt":{"rendered":"<p>Le pr\u00e9\u00adsent do\u00adcu\u00adment in\u00adfor\u00adme les Uti\u00adli\u00adsa\u00adteurs des tech\u00adno\u00adlo\u00adgies per\u00admet\u00adtant \u00e0 cet\u00adte Ap\u00adpli\u00adca\u00adtion d\u2019atteindre les fi\u00adna\u00adli\u00adt\u00e9s d\u00e9\u00adcri\u00adtes ci-de\u00ads\u00ad\u00adsous. Ces tech\u00adno\u00adlo\u00adgies per\u00admet\u00adtent au Ti\u00adtu\u00adlai\u00adre d\u2019acc\u00e9der \u00e0 des in\u00adfor\u00adma\u00adtions et de les stoc\u00adker (\u00e0 l\u2019aide d\u2019un Coo\u00adkie, par exem\u00adple) ou d\u2019utiliser des res\u00adsour\u00adces (en ex\u00e9\u00adcu\u00adtant un script, par exem\u00adple) sur l\u2019appareil d\u2019un Uti\u00adli\u00adsa\u00adteur, lor\u00adsque ce\u00ad\u00adlui-ci in\u00adte\u00adra\u00adgit avec cet\u00adte [\u2026]<\/p>\n","protected":false},"author":1,"featured_media":30084,"parent":0,"menu_order":0,"comment_status":"closed","ping_status":"closed","template":"","meta":{"wp_typography_post_enhancements_disabled":false,"site-sidebar-layout":"default","site-content-layout":"","ast-site-content-layout":"default","site-content-style":"default","site-sidebar-style":"default","ast-global-header-display":"","ast-banner-title-visibility":"","ast-main-header-display":"","ast-hfb-above-header-display":"","ast-hfb-below-header-display":"","ast-hfb-mobile-header-display":"","site-post-title":"","ast-breadcrumbs-content":"","ast-featured-img":"","footer-sml-layout":"","ast-disable-related-posts":"","theme-transparent-header-meta":"","adv-header-id-meta":"","stick-header-meta":"","header-above-stick-meta":"","header-main-stick-meta":"","header-below-stick-meta":"","astra-migrate-meta-layouts":"set","ast-page-background-enabled":"default","ast-page-background-meta":{"desktop":{"background-color":"var(--ast-global-color-4)","background-image":"","background-repeat":"repeat","background-position":"center center","background-size":"auto","background-attachment":"scroll","background-type":"","background-media":"","overlay-type":"","overlay-color":"","overlay-opacity":"","overlay-gradient":""},"tablet":{"background-color":"","background-image":"","background-repeat":"repeat","background-position":"center center","background-size":"auto","background-attachment":"scroll","background-type":"","background-media":"","overlay-type":"","overlay-color":"","overlay-opacity":"","overlay-gradient":""},"mobile":{"background-color":"","background-image":"","background-repeat":"repeat","background-position":"center center","background-size":"auto","background-attachment":"scroll","background-type":"","background-media":"","overlay-type":"","overlay-color":"","overlay-opacity":"","overlay-gradient":""}},"ast-content-background-meta":{"desktop":{"background-color":"var(--ast-global-color-5)","background-image":"","background-repeat":"repeat","background-position":"center center","background-size":"auto","background-attachment":"scroll","background-type":"","background-media":"","overlay-type":"","overlay-color":"","overlay-opacity":"","overlay-gradient":""},"tablet":{"background-color":"var(--ast-global-color-5)","background-image":"","background-repeat":"repeat","background-position":"center center","background-size":"auto","background-attachment":"scroll","background-type":"","background-media":"","overlay-type":"","overlay-color":"","overlay-opacity":"","overlay-gradient":""},"mobile":{"background-color":"var(--ast-global-color-5)","background-image":"","background-repeat":"repeat","background-position":"center center","background-size":"auto","background-attachment":"scroll","background-type":"","background-media":"","overlay-type":"","overlay-color":"","overlay-opacity":"","overlay-gradient":""}},"footnotes":""},"class_list":["post-30000","page","type-page","status-publish","has-post-thumbnail","hentry"],"_links":{"self":[{"href":"https:\/\/www.lacollinadelleiris.it\/index.php\/wp-json\/wp\/v2\/pages\/30000","targetHints":{"allow":["GET"]}}],"collection":[{"href":"https:\/\/www.lacollinadelleiris.it\/index.php\/wp-json\/wp\/v2\/pages"}],"about":[{"href":"https:\/\/www.lacollinadelleiris.it\/index.php\/wp-json\/wp\/v2\/types\/page"}],"author":[{"embeddable":true,"href":"https:\/\/www.lacollinadelleiris.it\/index.php\/wp-json\/wp\/v2\/users\/1"}],"replies":[{"embeddable":true,"href":"https:\/\/www.lacollinadelleiris.it\/index.php\/wp-json\/wp\/v2\/comments?post=30000"}],"version-history":[{"count":6,"href":"https:\/\/www.lacollinadelleiris.it\/index.php\/wp-json\/wp\/v2\/pages\/30000\/revisions"}],"predecessor-version":[{"id":30058,"href":"https:\/\/www.lacollinadelleiris.it\/index.php\/wp-json\/wp\/v2\/pages\/30000\/revisions\/30058"}],"wp:featuredmedia":[{"embeddable":true,"href":"https:\/\/www.lacollinadelleiris.it\/index.php\/wp-json\/wp\/v2\/media\/30084"}],"wp:attachment":[{"href":"https:\/\/www.lacollinadelleiris.it\/index.php\/wp-json\/wp\/v2\/media?parent=30000"}],"curies":[{"name":"wp","href":"https:\/\/api.w.org\/{rel}","templated":true}]}}